{"id":1799,"date":"2023-09-19T13:33:45","date_gmt":"2023-09-19T11:33:45","guid":{"rendered":"https:\/\/cementerioinglesmalaga.org\/wp-content\/uploads\/2023\/09\/DSC_8295-copia.jpg"},"modified":"2023-09-19T13:33:45","modified_gmt":"2023-09-19T11:33:45","slug":"dsc_8295-copia","status":"inherit","type":"attachment","link":"https:\/\/cementerioinglesmalaga.org\/en\/programacion-cultural-septiembre\/dsc_8295-copia\/","title":{"rendered":"DSC_8295 copia"},"author":4,"comment_status":"closed","ping_status":"closed","template":"","meta":[],"yoast_head":"<!-- This site is optimized with the Yoast SEO plugin v19.1 - https:\/\/yoast.com\/wordpress\/plugins\/seo\/ -->\n<title>DSC_8295 copia - Cementerio Ingl\u00e9s de M\u00e1laga<\/title>\n<meta name=\"robots\" content=\"index, follow, max-snippet:-1, max-image-preview:large, max-video-preview:-1\" \/>\n<link rel=\"canonical\" href=\"https:\/\/cementerioinglesmalaga.org\/wp-content\/uploads\/2023\/09\/DSC_8295-copia-scaled.jpg\" \/>\n<meta property=\"og:locale\" content=\"en_US\" \/>\n<meta property=\"og:type\" content=\"article\" \/>\n<meta property=\"og:title\" content=\"DSC_8295 copia - Cementerio Ingl\u00e9s de M\u00e1laga\" \/>\n<meta property=\"og:url\" content=\"https:\/\/cementerioinglesmalaga.org\/wp-content\/uploads\/2023\/09\/DSC_8295-copia-scaled.jpg\" \/>\n<meta property=\"og:site_name\" content=\"Cementerio Ingl\u00e9s de M\u00e1laga\" \/>\n<meta property=\"article:publisher\" content=\"https:\/\/facebook.com\/CemIngMalaga\/\" \/>\n<meta property=\"og:image\" content=\"https:\/\/cementerioinglesmalaga.org\/wp-content\/uploads\/2023\/09\/DSC_8295-copia-scaled.jpg\" \/>\n\t<meta property=\"og:image:width\" content=\"2560\" \/>\n\t<meta property=\"og:image:height\" content=\"1707\" \/>\n\t<meta property=\"og:image:type\" content=\"image\/jpeg\" \/>\n<meta name=\"twitter:card\" content=\"summary\" \/>\n<meta name=\"twitter:site\" content=\"@ceminglesmlg\" \/>\n<script type=\"application\/ld+json\" class=\"yoast-schema-graph\">{\"@context\":\"https:\/\/schema.org\",\"@graph\":[{\"@type\":\"Organization\",\"@id\":\"https:\/\/cementerioinglesmalaga.org\/#organization\",\"name\":\"Fundaci\u00f3n Cementerio Ingl\u00e9s de M\u00e1laga\",\"url\":\"https:\/\/cementerioinglesmalaga.org\/\",\"sameAs\":[\"https:\/\/facebook.com\/CemIngMalaga\/\",\"https:\/\/twitter.com\/ceminglesmlg\"],\"logo\":{\"@type\":\"ImageObject\",\"inLanguage\":\"en-US\",\"@id\":\"https:\/\/cementerioinglesmalaga.org\/#\/schema\/logo\/image\/\",\"url\":\"https:\/\/cementerioinglesmalaga.org\/wp-content\/uploads\/2017\/07\/escudo-CIM-poli.png\",\"contentUrl\":\"https:\/\/cementerioinglesmalaga.org\/wp-content\/uploads\/2017\/07\/escudo-CIM-poli.png\",\"width\":313,\"height\":313,\"caption\":\"Fundaci\u00f3n Cementerio Ingl\u00e9s de M\u00e1laga\"},\"image\":{\"@id\":\"https:\/\/cementerioinglesmalaga.org\/#\/schema\/logo\/image\/\"}},{\"@type\":\"WebSite\",\"@id\":\"https:\/\/cementerioinglesmalaga.org\/#website\",\"url\":\"https:\/\/cementerioinglesmalaga.org\/\",\"name\":\"Cementerio Ingl\u00e9s de M\u00e1laga\",\"description\":\"P\u00e1gina oficial del primer cementerio protestante de la Espa\u00f1a Peninsular\",\"publisher\":{\"@id\":\"https:\/\/cementerioinglesmalaga.org\/#organization\"},\"potentialAction\":[{\"@type\":\"SearchAction\",\"target\":{\"@type\":\"EntryPoint\",\"urlTemplate\":\"https:\/\/cementerioinglesmalaga.org\/?s={search_term_string}\"},\"query-input\":\"required name=search_term_string\"}],\"inLanguage\":\"en-US\"},{\"@type\":\"WebPage\",\"@id\":\"https:\/\/cementerioinglesmalaga.org\/wp-content\/uploads\/2023\/09\/DSC_8295-copia-scaled.jpg#webpage\",\"url\":\"https:\/\/cementerioinglesmalaga.org\/wp-content\/uploads\/2023\/09\/DSC_8295-copia-scaled.jpg\",\"name\":\"DSC_8295 copia - Cementerio Ingl\u00e9s de M\u00e1laga\",\"isPartOf\":{\"@id\":\"https:\/\/cementerioinglesmalaga.org\/#website\"},\"datePublished\":\"2023-09-19T11:33:45+00:00\",\"dateModified\":\"2023-09-19T11:33:45+00:00\",\"breadcrumb\":{\"@id\":\"https:\/\/cementerioinglesmalaga.org\/wp-content\/uploads\/2023\/09\/DSC_8295-copia-scaled.jpg#breadcrumb\"},\"inLanguage\":\"en-US\",\"potentialAction\":[{\"@type\":\"ReadAction\",\"target\":[\"https:\/\/cementerioinglesmalaga.org\/wp-content\/uploads\/2023\/09\/DSC_8295-copia-scaled.jpg\"]}]},{\"@type\":\"BreadcrumbList\",\"@id\":\"https:\/\/cementerioinglesmalaga.org\/wp-content\/uploads\/2023\/09\/DSC_8295-copia-scaled.jpg#breadcrumb\",\"itemListElement\":[{\"@type\":\"ListItem\",\"position\":1,\"name\":\"Portada\",\"item\":\"https:\/\/cementerioinglesmalaga.org\/\"},{\"@type\":\"ListItem\",\"position\":2,\"name\":\"Programaci\u00f3n cultural septiembre\",\"item\":\"https:\/\/cementerioinglesmalaga.org\/programacion-cultural-septiembre\/\"},{\"@type\":\"ListItem\",\"position\":3,\"name\":\"DSC_8295 copia\"}]}]}<\/script>\n<!-- \/ Yoast SEO plugin. -->","yoast_head_json":{"title":"DSC_8295 copia - Cementerio Ingl\u00e9s de M\u00e1laga","robots":{"index":"index","follow":"follow","max-snippet":"max-snippet:-1","max-image-preview":"max-image-preview:large","max-video-preview":"max-video-preview:-1"},"canonical":"https:\/\/cementerioinglesmalaga.org\/wp-content\/uploads\/2023\/09\/DSC_8295-copia-scaled.jpg","og_locale":"en_US","og_type":"article","og_title":"DSC_8295 copia - Cementerio Ingl\u00e9s de M\u00e1laga","og_url":"https:\/\/cementerioinglesmalaga.org\/wp-content\/uploads\/2023\/09\/DSC_8295-copia-scaled.jpg","og_site_name":"Cementerio Ingl\u00e9s de M\u00e1laga","article_publisher":"https:\/\/facebook.com\/CemIngMalaga\/","og_image":[{"width":2560,"height":1707,"url":"https:\/\/cementerioinglesmalaga.org\/wp-content\/uploads\/2023\/09\/DSC_8295-copia-scaled.jpg","type":"image\/jpeg"}],"twitter_card":"summary","twitter_site":"@ceminglesmlg","schema":{"@context":"https:\/\/schema.org","@graph":[{"@type":"Organization","@id":"https:\/\/cementerioinglesmalaga.org\/#organization","name":"Fundaci\u00f3n Cementerio Ingl\u00e9s de M\u00e1laga","url":"https:\/\/cementerioinglesmalaga.org\/","sameAs":["https:\/\/facebook.com\/CemIngMalaga\/","https:\/\/twitter.com\/ceminglesmlg"],"logo":{"@type":"ImageObject","inLanguage":"en-US","@id":"https:\/\/cementerioinglesmalaga.org\/#\/schema\/logo\/image\/","url":"https:\/\/cementerioinglesmalaga.org\/wp-content\/uploads\/2017\/07\/escudo-CIM-poli.png","contentUrl":"https:\/\/cementerioinglesmalaga.org\/wp-content\/uploads\/2017\/07\/escudo-CIM-poli.png","width":313,"height":313,"caption":"Fundaci\u00f3n Cementerio Ingl\u00e9s de M\u00e1laga"},"image":{"@id":"https:\/\/cementerioinglesmalaga.org\/#\/schema\/logo\/image\/"}},{"@type":"WebSite","@id":"https:\/\/cementerioinglesmalaga.org\/#website","url":"https:\/\/cementerioinglesmalaga.org\/","name":"Cementerio Ingl\u00e9s de M\u00e1laga","description":"P\u00e1gina oficial del primer cementerio protestante de la Espa\u00f1a Peninsular","publisher":{"@id":"https:\/\/cementerioinglesmalaga.org\/#organization"},"potentialAction":[{"@type":"SearchAction","target":{"@type":"EntryPoint","urlTemplate":"https:\/\/cementerioinglesmalaga.org\/?s={search_term_string}"},"query-input":"required name=search_term_string"}],"inLanguage":"en-US"},{"@type":"WebPage","@id":"https:\/\/cementerioinglesmalaga.org\/wp-content\/uploads\/2023\/09\/DSC_8295-copia-scaled.jpg#webpage","url":"https:\/\/cementerioinglesmalaga.org\/wp-content\/uploads\/2023\/09\/DSC_8295-copia-scaled.jpg","name":"DSC_8295 copia - Cementerio Ingl\u00e9s de M\u00e1laga","isPartOf":{"@id":"https:\/\/cementerioinglesmalaga.org\/#website"},"datePublished":"2023-09-19T11:33:45+00:00","dateModified":"2023-09-19T11:33:45+00:00","breadcrumb":{"@id":"https:\/\/cementerioinglesmalaga.org\/wp-content\/uploads\/2023\/09\/DSC_8295-copia-scaled.jpg#breadcrumb"},"inLanguage":"en-US","potentialAction":[{"@type":"ReadAction","target":["https:\/\/cementerioinglesmalaga.org\/wp-content\/uploads\/2023\/09\/DSC_8295-copia-scaled.jpg"]}]},{"@type":"BreadcrumbList","@id":"https:\/\/cementerioinglesmalaga.org\/wp-content\/uploads\/2023\/09\/DSC_8295-copia-scaled.jpg#breadcrumb","itemListElement":[{"@type":"ListItem","position":1,"name":"Portada","item":"https:\/\/cementerioinglesmalaga.org\/"},{"@type":"ListItem","position":2,"name":"Programaci\u00f3n cultural septiembre","item":"https:\/\/cementerioinglesmalaga.org\/programacion-cultural-septiembre\/"},{"@type":"ListItem","position":3,"name":"DSC_8295 copia"}]}]}},"description":{"rendered":"<p class=\"attachment\"><a href='https:\/\/cementerioinglesmalaga.org\/wp-content\/uploads\/2023\/09\/DSC_8295-copia-scaled.jpg'><img width=\"300\" height=\"200\" src=\"https:\/\/cementerioinglesmalaga.org\/wp-content\/uploads\/2023\/09\/DSC_8295-copia-300x200.jpg\" class=\"attachment-medium size-medium\" alt=\"\" loading=\"lazy\" srcset=\"https:\/\/cementerioinglesmalaga.org\/wp-content\/uploads\/2023\/09\/DSC_8295-copia-300x200.jpg 300w, https:\/\/cementerioinglesmalaga.org\/wp-content\/uploads\/2023\/09\/DSC_8295-copia-1024x683.jpg 1024w, https:\/\/cementerioinglesmalaga.org\/wp-content\/uploads\/2023\/09\/DSC_8295-copia-768x512.jpg 768w, https:\/\/cementerioinglesmalaga.org\/wp-content\/uploads\/2023\/09\/DSC_8295-copia-1536x1024.jpg 1536w, https:\/\/cementerioinglesmalaga.org\/wp-content\/uploads\/2023\/09\/DSC_8295-copia-2048x1365.jpg 2048w, https:\/\/cementerioinglesmalaga.org\/wp-content\/uploads\/2023\/09\/DSC_8295-copia-113x75.jpg 113w, https:\/\/cementerioinglesmalaga.org\/wp-content\/uploads\/2023\/09\/DSC_8295-copia-700x467.jpg 700w\" sizes=\"(max-width:767px) 300px, 300px\" \/><\/a><\/p>\n"},"caption":{"rendered":""},"alt_text":"","media_type":"image","mime_type":"image\/jpeg","media_details":{"width":2560,"height":1707,"file":"2023\/09\/DSC_8295-copia-scaled.jpg","sizes":{"medium":{"file":"DSC_8295-copia-300x200.jpg","width":300,"height":200,"mime_type":"image\/jpeg","source_url":"https:\/\/cementerioinglesmalaga.org\/wp-content\/uploads\/2023\/09\/DSC_8295-copia-300x200.jpg"},"large":{"file":"DSC_8295-copia-1024x683.jpg","width":1024,"height":683,"mime_type":"image\/jpeg","source_url":"https:\/\/cementerioinglesmalaga.org\/wp-content\/uploads\/2023\/09\/DSC_8295-copia-1024x683.jpg"},"thumbnail":{"file":"DSC_8295-copia-150x150.jpg","width":150,"height":150,"mime_type":"image\/jpeg","source_url":"https:\/\/cementerioinglesmalaga.org\/wp-content\/uploads\/2023\/09\/DSC_8295-copia-150x150.jpg"},"medium_large":{"file":"DSC_8295-copia-768x512.jpg","width":768,"height":512,"mime_type":"image\/jpeg","source_url":"https:\/\/cementerioinglesmalaga.org\/wp-content\/uploads\/2023\/09\/DSC_8295-copia-768x512.jpg"},"1536x1536":{"file":"DSC_8295-copia-1536x1024.jpg","width":1536,"height":1024,"mime_type":"image\/jpeg","source_url":"https:\/\/cementerioinglesmalaga.org\/wp-content\/uploads\/2023\/09\/DSC_8295-copia-1536x1024.jpg"},"2048x2048":{"file":"DSC_8295-copia-2048x1365.jpg","width":2048,"height":1365,"mime_type":"image\/jpeg","source_url":"https:\/\/cementerioinglesmalaga.org\/wp-content\/uploads\/2023\/09\/DSC_8295-copia-2048x1365.jpg"},"be_thumbnail":{"file":"DSC_8295-copia-150x150.jpg","width":150,"height":150,"mime_type":"image\/jpeg","source_url":"https:\/\/cementerioinglesmalaga.org\/wp-content\/uploads\/2023\/09\/DSC_8295-copia-150x150.jpg"},"be_clients":{"file":"DSC_8295-copia-113x75.jpg","width":113,"height":75,"mime_type":"image\/jpeg","source_url":"https:\/\/cementerioinglesmalaga.org\/wp-content\/uploads\/2023\/09\/DSC_8295-copia-113x75.jpg"},"slider-content":{"file":"DSC_8295-copia-1630x860.jpg","width":1630,"height":860,"mime_type":"image\/jpeg","source_url":"https:\/\/cementerioinglesmalaga.org\/wp-content\/uploads\/2023\/09\/DSC_8295-copia-1630x860.jpg"},"portfolio-mf":{"file":"DSC_8295-copia-1280x1000.jpg","width":1280,"height":1000,"mime_type":"image\/jpeg","source_url":"https:\/\/cementerioinglesmalaga.org\/wp-content\/uploads\/2023\/09\/DSC_8295-copia-1280x1000.jpg"},"portfolio-mf-w":{"file":"DSC_8295-copia-1280x500.jpg","width":1280,"height":500,"mime_type":"image\/jpeg","source_url":"https:\/\/cementerioinglesmalaga.org\/wp-content\/uploads\/2023\/09\/DSC_8295-copia-1280x500.jpg"},"portfolio-mf-t":{"file":"DSC_8295-copia-768x1200.jpg","width":768,"height":1200,"mime_type":"image\/jpeg","source_url":"https:\/\/cementerioinglesmalaga.org\/wp-content\/uploads\/2023\/09\/DSC_8295-copia-768x1200.jpg"},"portfolio-list":{"file":"DSC_8295-copia-1920x750.jpg","width":1920,"height":750,"mime_type":"image\/jpeg","source_url":"https:\/\/cementerioinglesmalaga.org\/wp-content\/uploads\/2023\/09\/DSC_8295-copia-1920x750.jpg"},"blog-portfolio":{"file":"DSC_8295-copia-960x720.jpg","width":960,"height":720,"mime_type":"image\/jpeg","source_url":"https:\/\/cementerioinglesmalaga.org\/wp-content\/uploads\/2023\/09\/DSC_8295-copia-960x720.jpg"},"blog-single":{"file":"DSC_8295-copia-1200x675.jpg","width":1200,"height":675,"mime_type":"image\/jpeg","source_url":"https:\/\/cementerioinglesmalaga.org\/wp-content\/uploads\/2023\/09\/DSC_8295-copia-1200x675.jpg"},"mobile-srcset":{"file":"DSC_8295-copia-700x467.jpg","width":700,"height":467,"mime_type":"image\/jpeg","source_url":"https:\/\/cementerioinglesmalaga.org\/wp-content\/uploads\/2023\/09\/DSC_8295-copia-700x467.jpg"},"full":{"file":"DSC_8295-copia-scaled.jpg","width":2560,"height":1707,"mime_type":"image\/jpeg","source_url":"https:\/\/cementerioinglesmalaga.org\/wp-content\/uploads\/2023\/09\/DSC_8295-copia-scaled.jpg"}},"image_meta":{"aperture":"8","credit":"JOSE SALTO","camera":"NIKON D850","caption":"","created_timestamp":"1679409409","copyright":"JOSE SALTO","focal_length":"70","iso":"200","shutter_speed":"0.0008","title":"","orientation":"0","keywords":[]},"original_image":"DSC_8295-copia.jpg"},"post":1798,"source_url":"https:\/\/cementerioinglesmalaga.org\/wp-content\/uploads\/2023\/09\/DSC_8295-copia-scaled.jpg","_links":{"self":[{"href":"https:\/\/cementerioinglesmalaga.org\/en\/wp-json\/wp\/v2\/media\/1799"}],"collection":[{"href":"https:\/\/cementerioinglesmalaga.org\/en\/wp-json\/wp\/v2\/media"}],"about":[{"href":"https:\/\/cementerioinglesmalaga.org\/en\/wp-json\/wp\/v2\/types\/attachment"}],"author":[{"embeddable":true,"href":"https:\/\/cementerioinglesmalaga.org\/en\/wp-json\/wp\/v2\/users\/4"}],"replies":[{"embeddable":true,"href":"https:\/\/cementerioinglesmalaga.org\/en\/wp-json\/wp\/v2\/comments?post=1799"}]}}